{"id":586,"date":"2024-04-11T19:03:25","date_gmt":"2024-04-11T17:03:25","guid":{"rendered":"https:\/\/calada.fr\/?page_id=586"},"modified":"2026-03-04T11:45:15","modified_gmt":"2026-03-04T10:45:15","slug":"agence","status":"publish","type":"page","link":"https:\/\/calada.fr\/index.php\/agence\/","title":{"rendered":"Agence"},"content":{"rendered":"\t\t<div data-elementor-type=\"wp-page\" data-elementor-id=\"586\" class=\"elementor elementor-586\">\n\t\t\t\t<div class=\"elementor-element elementor-element-7dc3fe3 e-con-full e-flex e-con e-parent\" data-id=\"7dc3fe3\" data-element_type=\"container\" data-e-type=\"container\">\n\t\t\t\t<div class=\"elementor-element elementor-element-77f23c3 elementor-widget__width-inherit elementor-widget elementor-widget-text-editor\" data-id=\"77f23c3\" data-element_type=\"widget\" data-e-type=\"widget\" data-widget_type=\"text-editor.default\">\n\t\t\t\t<div class=\"elementor-widget-container\">\n\t\t\t\t\t\t\t\t\t<p><a href=\"mailto:contact@calada.fr\">contact@calada.fr<\/a><br \/>Nice | Cagnes sur Mer<\/p><p>Elodie Arti\u00e8res | 06 14 87 04 55<br \/>Zo\u00e9 Dalloni | 06 59 06 24 24<\/p>\t\t\t\t\t\t\t\t<\/div>\n\t\t\t\t<\/div>\n\t\t<div class=\"elementor-element elementor-element-eecf83c e-con-full e-flex e-con e-child\" data-id=\"eecf83c\" data-element_type=\"container\" data-e-type=\"container\">\n\t\t\t\t<div class=\"elementor-element elementor-element-3f32474 elementor-shape-circle elementor-grid-0 e-grid-align-center elementor-widget elementor-widget-social-icons\" data-id=\"3f32474\" data-element_type=\"widget\" data-e-type=\"widget\" data-widget_type=\"social-icons.default\">\n\t\t\t\t<div class=\"elementor-widget-container\">\n\t\t\t\t\t\t\t<div class=\"elementor-social-icons-wrapper elementor-grid\">\n\t\t\t\t\t\t\t<span class=\"elementor-grid-item\">\n\t\t\t\t\t<a class=\"elementor-icon elementor-social-icon elementor-social-icon-instagram elementor-repeater-item-8ca7103\" href=\"https:\/\/www.instagram.com\/calada.architectes\/\" target=\"_blank\">\n\t\t\t\t\t\t<span class=\"elementor-screen-only\">Instagram<\/span>\n\t\t\t\t\t\t<i aria-hidden=\"true\" class=\"fab fa-instagram\"><\/i>\t\t\t\t\t<\/a>\n\t\t\t\t<\/span>\n\t\t\t\t\t<\/div>\n\t\t\t\t\t\t<\/div>\n\t\t\t\t<\/div>\n\t\t\t\t<\/div>\n\t\t\t\t<\/div>\n\t\t<div class=\"elementor-element elementor-element-37f3143 e-flex e-con-boxed e-con e-parent\" data-id=\"37f3143\" data-element_type=\"container\" data-e-type=\"container\">\n\t\t\t\t\t<div class=\"e-con-inner\">\n\t\t\t\t<div class=\"elementor-element elementor-element-2a5295f elementor-widget elementor-widget-heading\" data-id=\"2a5295f\" data-element_type=\"widget\" data-e-type=\"widget\" data-widget_type=\"heading.default\">\n\t\t\t\t<div class=\"elementor-widget-container\">\n\t\t\t\t\t<h3 class=\"elementor-heading-title elementor-size-default\">L'AGENCE<\/h3>\t\t\t\t<\/div>\n\t\t\t\t<\/div>\n\t\t\t\t\t<\/div>\n\t\t\t\t<\/div>\n\t\t<div class=\"elementor-element elementor-element-9293893 e-con-full e-flex e-con e-parent\" data-id=\"9293893\" data-element_type=\"container\" data-e-type=\"container\">\n\t\t<div class=\"elementor-element elementor-element-42dbe7a e-con-full e-flex e-con e-child\" data-id=\"42dbe7a\" data-element_type=\"container\" data-e-type=\"container\">\n\t\t\t\t<div class=\"elementor-element elementor-element-ea287a0 elementor-widget__width-initial elementor-widget elementor-widget-text-editor\" data-id=\"ea287a0\" data-element_type=\"widget\" data-e-type=\"widget\" data-widget_type=\"text-editor.default\">\n\t\t\t\t<div class=\"elementor-widget-container\">\n\t\t\t\t\t\t\t\t\t<p>L\u2019agence CALADA architectes na\u00eet en septembre 2023 de la rencontre de deux architectes, Elodie Arti\u00e8res et Zo\u00e9 Dalloni. C\u2019est dans un bureau que tout commence ! Coll\u00e8gues, puis amies, c\u2019est tout naturellement que germe l\u2019id\u00e9e d\u2019une future association.\u00a0<\/p><p><strong>Un ancrage local<\/strong><br \/>Calada, litt\u00e9ralement \u00ab pierre silencieuse \u00bb en proven\u00e7al, tire son nom des calades \u2013 rues pentues et pav\u00e9es \u2013 typiques de l\u2019architecture de l\u2019arri\u00e8re-pays ni\u00e7ois. Ces chemins de pierre, fa\u00e7onn\u00e9s par le temps et le pas de l\u2019homme, trouvent leur raison d\u2019\u00eatre dans une solution astucieuse \u00e0 la gestion des eaux de pluie.<\/p><p>Notre identit\u00e9 intrins\u00e8que refl\u00e8te ainsi une mani\u00e8re de construire simple, durable,\u00a0ing\u00e9nieuse et profond\u00e9ment ancr\u00e9e dans son territoire.<\/p><p><strong>Une architecture silencieuse<\/strong><br \/>Un lieu n\u2019est jamais vierge : il porte une topographie, un paysage, une mati\u00e8re, une histoire, une m\u00e9moire. Ces donn\u00e9es ne peuvent \u00eatre ni ni\u00e9es ni \u00e9cras\u00e9es ; elles constituent au contraire le socle de toute nouvelle intervention.<\/p><p>Nous d\u00e9fendons une architecture silencieuse, respectueuse\u00a0et attentive. Une architecture qui ne cherche pas \u00e0 s\u2019imposer mais \u00e0 s\u2019inscrire, \u00e0 dialoguer avec le d\u00e9j\u00e0 l\u00e0. Concevoir engage l\u2019\u00e9coute avant l\u2019action, la compr\u00e9hension avant la transformation.\u00a0<\/p><p>Nous ne recherchons pas le geste spectaculaire, mais pr\u00e9f\u00e9rons la justesse. Nous privil\u00e9gions la pertinence \u00e0 l\u2019effet, la dur\u00e9e \u00e0 l\u2019instant, l\u2019usage \u00e0 l\u2019image.<\/p><p><strong>Une expertise technique<\/strong><br \/>Nous accordons une importance particuli\u00e8re aux modes constructifs, aux d\u00e9tails et \u00e0 la mise en \u0153uvre. Cette approche s\u2019appuie sur une ma\u00eetrise technique rigoureuse et une connaissance approfondie du chantier.<\/p><p>Nous sommes convaincues que chaque projet est le fruit d\u2019une \u00e9coute attentive : celle du ma\u00eetre d\u2019ouvrage, des artisans, des ing\u00e9nieurs, des entreprises. Ce travail collectif, fond\u00e9 sur l\u2019\u00e9change et la confiance, permet de faire \u00e9merger des r\u00e9ponses justes, partag\u00e9es et durables, o\u00f9 l\u2019architecture devient un langage commun.<\/p><p>Le chantier appara\u00eet comme un temps essentiel du projet, un lieu d\u2019\u00e9changes et d\u2019ajustements, o\u00f9 l\u2019architecture prend vie.<\/p>\t\t\t\t\t\t\t\t<\/div>\n\t\t\t\t<\/div>\n\t\t\t\t<\/div>\n\t\t<div class=\"elementor-element elementor-element-e237526 e-con-full e-flex e-con e-child\" data-id=\"e237526\" data-element_type=\"container\" data-e-type=\"container\">\n\t\t\t\t<div class=\"elementor-element elementor-element-77ca1a7 elementor-widget elementor-widget-image\" data-id=\"77ca1a7\" data-element_type=\"widget\" data-e-type=\"widget\" data-widget_type=\"image.default\">\n\t\t\t\t<div class=\"elementor-widget-container\">\n\t\t\t\t\t\t\t\t\t\t\t\t\t\t\t<img fetchpriority=\"high\" decoding=\"async\" width=\"683\" height=\"1024\" src=\"https:\/\/calada.fr\/wp-content\/uploads\/2024\/04\/IMG_0037-2-683x1024.jpg\" class=\"attachment-large size-large wp-image-589\" alt=\"\" srcset=\"https:\/\/calada.fr\/wp-content\/uploads\/2024\/04\/IMG_0037-2-683x1024.jpg 683w, https:\/\/calada.fr\/wp-content\/uploads\/2024\/04\/IMG_0037-2-200x300.jpg 200w, https:\/\/calada.fr\/wp-content\/uploads\/2024\/04\/IMG_0037-2-768x1152.jpg 768w, https:\/\/calada.fr\/wp-content\/uploads\/2024\/04\/IMG_0037-2-1024x1536.jpg 1024w, https:\/\/calada.fr\/wp-content\/uploads\/2024\/04\/IMG_0037-2-1365x2048.jpg 1365w, https:\/\/calada.fr\/wp-content\/uploads\/2024\/04\/IMG_0037-2-scaled.jpg 1707w\" sizes=\"(max-width: 683px) 100vw, 683px\" \/>\t\t\t\t\t\t\t\t\t\t\t\t\t\t\t<\/div>\n\t\t\t\t<\/div>\n\t\t\t\t<\/div>\n\t\t\t\t<\/div>\n\t\t<div class=\"elementor-element elementor-element-98e9026 e-flex e-con-boxed e-con e-parent\" data-id=\"98e9026\" data-element_type=\"container\" data-e-type=\"container\">\n\t\t\t\t\t<div class=\"e-con-inner\">\n\t\t\t\t<div class=\"elementor-element elementor-element-db2f909 elementor-widget elementor-widget-text-editor\" data-id=\"db2f909\" data-element_type=\"widget\" data-e-type=\"widget\" data-widget_type=\"text-editor.default\">\n\t\t\t\t<div class=\"elementor-widget-container\">\n\t\t\t\t\t\t\t\t\t<p><strong>Prix et publications<\/strong><\/p><p>2026 _ Participation au Festival des Architectures Vives 2026 \u00e0 Montpellier _ Projet laur\u00e9at<\/p><p>2018 _ Projet nomin\u00e9 au concours d\u2019id\u00e9e du syndicat des Architectes &#8211; <em>Le logement en Question<\/em><\/p><p>2016 _ Publication dans ARCHITECTURE CREE n\u00b0387 &#8211; <em>\u00ab Anticipation post-nucl\u00e9aire : quel patrimoine pour demain ?\u00bb<\/em><\/p><p>2013 _ Laur\u00e9ate du 2nd prix au concours d\u2019id\u00e9es du CAUE de la Sarthe &#8211; <em>Petites Machines \u00e0 Habiter : Petites combines et bons tuyaux<\/em><\/p><p>2012 _ Publication dans la revue DER ARCHITEKT &#8211; Article d\u2019Andreas Denk &#8211; <em>\u00ab\u00a0Etudes sur les perspectives visuelles\u00a0\u00bb<\/em><\/p><p><strong>\u00a0<\/strong><\/p><p><strong>Enseignement<\/strong><\/p><p>2026 _ Intervention en coll\u00e8ge pour promouvoir l\u2019architecture &#8211; Dispositif <em>Vivre <\/em><span style=\"font-size: 14px;\"><em>l\u2019Architecture<\/em> &#8211; partenariat Ordre des Architectes PACA, MAV PACA et DAAC de\u00a0<\/span><span style=\"font-size: 14px;\">l\u2019Acad\u00e9mie de Nice<\/span><\/p><p>2024 _ Intervention en \u00e9cole primaire pour promouvoir l\u2019architecture &#8211; Dispositif <em>Vivre <\/em><span style=\"font-size: 14px;\"><em>l\u2019Architecture<\/em> &#8211; partenariat Ordre des Architectes PACA, MAV PACA et DAAC de <\/span><span style=\"font-size: 14px;\">l\u2019Acad\u00e9mie de Nice<\/span><\/p><p>2021-2024 _ Enseignement en Design d&rsquo;espace \u00e0 l&rsquo;\u00e9cole de Cond\u00e9 de Nice _ Bachelor 1,2 et 3<\/p><p>2019 _ Enseignement \u00e0 l&rsquo;\u00e9cole d&rsquo;architecture de Versailles<\/p>\t\t\t\t\t\t\t\t<\/div>\n\t\t\t\t<\/div>\n\t\t\t\t\t<\/div>\n\t\t\t\t<\/div>\n\t\t<div class=\"elementor-element elementor-element-ab53a68 e-flex e-con-boxed e-con e-parent\" data-id=\"ab53a68\" data-element_type=\"container\" data-e-type=\"container\">\n\t\t\t\t\t<div class=\"e-con-inner\">\n\t\t\t\t<div class=\"elementor-element elementor-element-4049b39 elementor-widget elementor-widget-heading\" data-id=\"4049b39\" data-element_type=\"widget\" data-e-type=\"widget\" data-widget_type=\"heading.default\">\n\t\t\t\t<div class=\"elementor-widget-container\">\n\t\t\t\t\t<h3 class=\"elementor-heading-title elementor-size-default\">L'EQUIPE<\/h3>\t\t\t\t<\/div>\n\t\t\t\t<\/div>\n\t\t\t\t\t<\/div>\n\t\t\t\t<\/div>\n\t\t<div class=\"elementor-element elementor-element-fb17337 e-flex e-con-boxed e-con e-parent\" data-id=\"fb17337\" data-element_type=\"container\" data-e-type=\"container\">\n\t\t\t\t\t<div class=\"e-con-inner\">\n\t\t<div class=\"elementor-element elementor-element-f87dc10 e-con-full e-flex e-con e-child\" data-id=\"f87dc10\" data-element_type=\"container\" data-e-type=\"container\">\n\t\t<div class=\"elementor-element elementor-element-bcb7175 e-con-full e-flex e-con e-child\" data-id=\"bcb7175\" data-element_type=\"container\" data-e-type=\"container\">\n\t\t\t\t<div class=\"elementor-element elementor-element-cc872da elementor-widget elementor-widget-image\" data-id=\"cc872da\" data-element_type=\"widget\" data-e-type=\"widget\" data-widget_type=\"image.default\">\n\t\t\t\t<div class=\"elementor-widget-container\">\n\t\t\t\t\t\t\t\t\t\t\t\t\t\t\t<img decoding=\"async\" width=\"683\" height=\"1024\" src=\"https:\/\/calada.fr\/wp-content\/uploads\/2024\/04\/IMG_0088-2-1-683x1024.jpg\" class=\"attachment-large size-large wp-image-599\" alt=\"\" srcset=\"https:\/\/calada.fr\/wp-content\/uploads\/2024\/04\/IMG_0088-2-1-683x1024.jpg 683w, https:\/\/calada.fr\/wp-content\/uploads\/2024\/04\/IMG_0088-2-1-200x300.jpg 200w, https:\/\/calada.fr\/wp-content\/uploads\/2024\/04\/IMG_0088-2-1-768x1152.jpg 768w, https:\/\/calada.fr\/wp-content\/uploads\/2024\/04\/IMG_0088-2-1-1024x1536.jpg 1024w, https:\/\/calada.fr\/wp-content\/uploads\/2024\/04\/IMG_0088-2-1-1365x2048.jpg 1365w, https:\/\/calada.fr\/wp-content\/uploads\/2024\/04\/IMG_0088-2-1-scaled.jpg 1707w\" sizes=\"(max-width: 683px) 100vw, 683px\" \/>\t\t\t\t\t\t\t\t\t\t\t\t\t\t\t<\/div>\n\t\t\t\t<\/div>\n\t\t\t\t<\/div>\n\t\t<div class=\"elementor-element elementor-element-7213464 e-con-full e-flex e-con e-child\" data-id=\"7213464\" data-element_type=\"container\" data-e-type=\"container\">\n\t\t\t\t<div class=\"elementor-element elementor-element-13dfeeb elementor-widget elementor-widget-text-editor\" data-id=\"13dfeeb\" data-element_type=\"widget\" data-e-type=\"widget\" data-widget_type=\"text-editor.default\">\n\t\t\t\t<div class=\"elementor-widget-container\">\n\t\t\t\t\t\t\t\t\t<p><strong>Elodie<\/strong>, dipl\u00f4m\u00e9e de l\u2019\u00e9cole d\u2019architecture de Versailles en 2016, d\u00e9bute sa vie professionnelle \u00e0 Paris dans plusieurs agences renomm\u00e9es. Elle oriente par la suite sa pratique sur les architectures de la petite \u00e9chelle et la sc\u00e9nographie. Son projet de fin d\u2019\u00e9tude est remarqu\u00e9 et publi\u00e9 dans la revue Archicree. Entre 2021 et 2024, elle enseigne \u00e0 l\u2019\u00e9cole de Cond\u00e9 de Nice en section design d\u2019espace. Elle exerce \u00e9galement en tant que photographe d\u2019architecture. Amoureuse de la montagne, elle abandonne sa Bretagne natale vers plus de relief (et de soleil).<\/p>\t\t\t\t\t\t\t\t<\/div>\n\t\t\t\t<\/div>\n\t\t\t\t<\/div>\n\t\t\t\t<\/div>\n\t\t<div class=\"elementor-element elementor-element-2fbf11c e-con-full e-flex e-con e-child\" data-id=\"2fbf11c\" data-element_type=\"container\" data-e-type=\"container\">\n\t\t<div class=\"elementor-element elementor-element-c851607 e-con-full e-flex e-con e-child\" data-id=\"c851607\" data-element_type=\"container\" data-e-type=\"container\">\n\t\t\t\t<div class=\"elementor-element elementor-element-fed2a23 elementor-widget elementor-widget-image\" data-id=\"fed2a23\" data-element_type=\"widget\" data-e-type=\"widget\" data-widget_type=\"image.default\">\n\t\t\t\t<div class=\"elementor-widget-container\">\n\t\t\t\t\t\t\t\t\t\t\t\t\t\t\t<img decoding=\"async\" width=\"683\" height=\"1024\" src=\"https:\/\/calada.fr\/wp-content\/uploads\/2024\/04\/IMG_0059-2-1-683x1024.jpg\" class=\"attachment-large size-large wp-image-600\" alt=\"\" srcset=\"https:\/\/calada.fr\/wp-content\/uploads\/2024\/04\/IMG_0059-2-1-683x1024.jpg 683w, https:\/\/calada.fr\/wp-content\/uploads\/2024\/04\/IMG_0059-2-1-200x300.jpg 200w, https:\/\/calada.fr\/wp-content\/uploads\/2024\/04\/IMG_0059-2-1-768x1152.jpg 768w, https:\/\/calada.fr\/wp-content\/uploads\/2024\/04\/IMG_0059-2-1-1024x1536.jpg 1024w, https:\/\/calada.fr\/wp-content\/uploads\/2024\/04\/IMG_0059-2-1-1365x2048.jpg 1365w, https:\/\/calada.fr\/wp-content\/uploads\/2024\/04\/IMG_0059-2-1-scaled.jpg 1706w\" sizes=\"(max-width: 683px) 100vw, 683px\" \/>\t\t\t\t\t\t\t\t\t\t\t\t\t\t\t<\/div>\n\t\t\t\t<\/div>\n\t\t\t\t<\/div>\n\t\t<div class=\"elementor-element elementor-element-b34f710 e-con-full e-flex e-con e-child\" data-id=\"b34f710\" data-element_type=\"container\" data-e-type=\"container\">\n\t\t\t\t<div class=\"elementor-element elementor-element-f5dc257 elementor-widget elementor-widget-text-editor\" data-id=\"f5dc257\" data-element_type=\"widget\" data-e-type=\"widget\" data-widget_type=\"text-editor.default\">\n\t\t\t\t<div class=\"elementor-widget-container\">\n\t\t\t\t\t\t\t\t\t<p><strong>Zo\u00e9<\/strong>, dipl\u00f4m\u00e9e de l\u2019\u00e9cole d\u2019architecture de Paris Belleville en 2014 apr\u00e8s une licence \u00e0 Marseille, int\u00e8gre diff\u00e9rentes agences nationales et internationales. Elle dirige plusieurs projets d\u2019\u00e9quipements publics et de logements collectifs et se forge une solide exp\u00e9rience du chantier. En 2013, elle est laur\u00e9ate du 2\u00e8me prix du concours d\u2019id\u00e9e du CAUE de la Sarthe \u00ab petites machines \u00e0 habiter \u00bb. Ni\u00e7oise d\u2019origine, la grisaille parisienne aura eu raison d\u2019elle, entra\u00eenant un retour vers ses terres natales.<\/p>\t\t\t\t\t\t\t\t<\/div>\n\t\t\t\t<\/div>\n\t\t\t\t<\/div>\n\t\t\t\t<\/div>\n\t\t\t\t\t<\/div>\n\t\t\t\t<\/div>\n\t\t<div class=\"elementor-element elementor-element-9e66f9e e-con-full e-flex e-con e-parent\" data-id=\"9e66f9e\" data-element_type=\"container\" data-e-type=\"container\">\n\t\t\t\t<div class=\"elementor-element elementor-element-cf3d78f elementor-widget__width-initial elementor-widget elementor-widget-text-editor\" data-id=\"cf3d78f\" data-element_type=\"widget\" data-e-type=\"widget\" data-widget_type=\"text-editor.default\">\n\t\t\t\t<div class=\"elementor-widget-container\">\n\t\t\t\t\t\t\t\t\t<p><strong>Mais aussi&nbsp; :<\/strong><\/p>\n<p>Manon Duval, Marceau Phillip<\/p>\t\t\t\t\t\t\t\t<\/div>\n\t\t\t\t<\/div>\n\t\t\t\t<\/div>\n\t\t<div class=\"elementor-element elementor-element-ab84df1 e-flex e-con-boxed e-con e-parent\" data-id=\"ab84df1\" data-element_type=\"container\" data-e-type=\"container\">\n\t\t\t\t\t<div class=\"e-con-inner\">\n\t\t<div class=\"elementor-element elementor-element-18454e8 e-con-full e-flex e-con e-child\" data-id=\"18454e8\" data-element_type=\"container\" data-e-type=\"container\">\n\t\t\t\t<div class=\"elementor-element elementor-element-54b37d8 elementor-widget elementor-widget-text-editor\" data-id=\"54b37d8\" data-element_type=\"widget\" data-e-type=\"widget\" data-widget_type=\"text-editor.default\">\n\t\t\t\t<div class=\"elementor-widget-container\">\n\t\t\t\t\t\t\t\t\t<p style=\"text-align: center;\"><a href=\"mailto:contact@calada.fr\">contact@calada.fr<\/a><br \/>Nice | Cagnes sur Mer<\/p><p style=\"text-align: center;\">Elodie Arti\u00e8res | 06 14 87 04 55<br \/>Zo\u00e9 Dalloni | 06 59 06 24 24<\/p>\t\t\t\t\t\t\t\t<\/div>\n\t\t\t\t<\/div>\n\t\t\t\t<\/div>\n\t\t<div class=\"elementor-element elementor-element-13d46cb e-con-full e-flex e-con e-child\" data-id=\"13d46cb\" data-element_type=\"container\" data-e-type=\"container\">\n\t\t\t\t<div class=\"elementor-element elementor-element-e15622d elementor-shape-circle elementor-grid-0 e-grid-align-center elementor-widget elementor-widget-social-icons\" data-id=\"e15622d\" data-element_type=\"widget\" data-e-type=\"widget\" data-widget_type=\"social-icons.default\">\n\t\t\t\t<div class=\"elementor-widget-container\">\n\t\t\t\t\t\t\t<div class=\"elementor-social-icons-wrapper elementor-grid\">\n\t\t\t\t\t\t\t<span class=\"elementor-grid-item\">\n\t\t\t\t\t<a class=\"elementor-icon elementor-social-icon elementor-social-icon-instagram elementor-repeater-item-8ca7103\" href=\"https:\/\/www.instagram.com\/calada.architectes\/\" target=\"_blank\">\n\t\t\t\t\t\t<span class=\"elementor-screen-only\">Instagram<\/span>\n\t\t\t\t\t\t<i aria-hidden=\"true\" class=\"fab fa-instagram\"><\/i>\t\t\t\t\t<\/a>\n\t\t\t\t<\/span>\n\t\t\t\t\t<\/div>\n\t\t\t\t\t\t<\/div>\n\t\t\t\t<\/div>\n\t\t\t\t<\/div>\n\t\t\t\t\t<\/div>\n\t\t\t\t<\/div>\n\t\t<div class=\"elementor-element elementor-element-b0193c7 e-flex e-con-boxed e-con e-parent\" data-id=\"b0193c7\" data-element_type=\"container\" data-e-type=\"container\">\n\t\t\t\t\t<div class=\"e-con-inner\">\n\t\t<div class=\"elementor-element elementor-element-e3ae1fc e-con-full e-flex e-con e-child\" data-id=\"e3ae1fc\" data-element_type=\"container\" data-e-type=\"container\">\n\t\t\t\t<div class=\"elementor-element elementor-element-8e3d3ba elementor-widget elementor-widget-text-editor\" data-id=\"8e3d3ba\" data-element_type=\"widget\" data-e-type=\"widget\" data-widget_type=\"text-editor.default\">\n\t\t\t\t<div class=\"elementor-widget-container\">\n\t\t\t\t\t\t\t\t\t<p style=\"text-align: center;\"><a href=\"https:\/\/calada.fr\/index.php\/2026\/03\/03\/mentions-legales\/\">Mentions l\u00e9gales<\/a>\u00a0 \u00a0 \u00a0\u00a0<a href=\"https:\/\/calada.fr\/index.php\/2026\/03\/04\/politique-de-confidentialite-et-cookies\/\">Politique de confidentialit\u00e9<\/a><\/p>\t\t\t\t\t\t\t\t<\/div>\n\t\t\t\t<\/div>\n\t\t\t\t<\/div>\n\t\t\t\t\t<\/div>\n\t\t\t\t<\/div>\n\t\t\t\t<\/div>\n\t\t","protected":false},"excerpt":{"rendered":"<p>contact@calada.frNice | Cagnes sur Mer Elodie Arti\u00e8res | 06 14 87 04 55Zo\u00e9 Dalloni | 06 59 06 24 24 Instagram L&rsquo;AGENCE L\u2019agence CALADA architectes na\u00eet en septembre 2023 de la rencontre de deux architectes, Elodie Arti\u00e8res et Zo\u00e9 Dalloni. C\u2019est dans un bureau que tout commence ! Coll\u00e8gues, puis amies, c\u2019est tout naturellement que [&hellip;]<\/p>\n","protected":false},"author":1,"featured_media":0,"parent":0,"menu_order":0,"comment_status":"closed","ping_status":"closed","template":"","meta":{"_seopress_robots_primary_cat":"","_seopress_titles_title":"","_seopress_titles_desc":"","_seopress_robots_index":"","ocean_post_layout":"full-width","ocean_both_sidebars_style":"","ocean_both_sidebars_content_width":0,"ocean_both_sidebars_sidebars_width":0,"ocean_sidebar":"","ocean_second_sidebar":"","ocean_disable_margins":"enable","ocean_add_body_class":"","ocean_shortcode_before_top_bar":"","ocean_shortcode_after_top_bar":"","ocean_shortcode_before_header":"","ocean_shortcode_after_header":"","ocean_has_shortcode":"","ocean_shortcode_after_title":"","ocean_shortcode_before_footer_widgets":"","ocean_shortcode_after_footer_widgets":"","ocean_shortcode_before_footer_bottom":"","ocean_shortcode_after_footer_bottom":"","ocean_display_top_bar":"default","ocean_display_header":"default","ocean_header_style":"","ocean_center_header_left_menu":"","ocean_custom_header_template":"","ocean_custom_logo":0,"ocean_custom_retina_logo":0,"ocean_custom_logo_max_width":0,"ocean_custom_logo_tablet_max_width":0,"ocean_custom_logo_mobile_max_width":0,"ocean_custom_logo_max_height":0,"ocean_custom_logo_tablet_max_height":0,"ocean_custom_logo_mobile_max_height":0,"ocean_header_custom_menu":"","ocean_menu_typo_font_family":"","ocean_menu_typo_font_subset":"","ocean_menu_typo_font_size":0,"ocean_menu_typo_font_size_tablet":0,"ocean_menu_typo_font_size_mobile":0,"ocean_menu_typo_font_size_unit":"px","ocean_menu_typo_font_weight":"","ocean_menu_typo_font_weight_tablet":"","ocean_menu_typo_font_weight_mobile":"","ocean_menu_typo_transform":"","ocean_menu_typo_transform_tablet":"","ocean_menu_typo_transform_mobile":"","ocean_menu_typo_line_height":0,"ocean_menu_typo_line_height_tablet":0,"ocean_menu_typo_line_height_mobile":0,"ocean_menu_typo_line_height_unit":"","ocean_menu_typo_spacing":0,"ocean_menu_typo_spacing_tablet":0,"ocean_menu_typo_spacing_mobile":0,"ocean_menu_typo_spacing_unit":"","ocean_menu_link_color":"","ocean_menu_link_color_hover":"","ocean_menu_link_color_active":"","ocean_menu_link_background":"","ocean_menu_link_hover_background":"","ocean_menu_link_active_background":"","ocean_menu_social_links_bg":"","ocean_menu_social_hover_links_bg":"","ocean_menu_social_links_color":"","ocean_menu_social_hover_links_color":"","ocean_disable_title":"default","ocean_disable_heading":"default","ocean_post_title":"","ocean_post_subheading":"","ocean_post_title_style":"","ocean_post_title_background_color":"","ocean_post_title_background":0,"ocean_post_title_bg_image_position":"","ocean_post_title_bg_image_attachment":"","ocean_post_title_bg_image_repeat":"","ocean_post_title_bg_image_size":"","ocean_post_title_height":0,"ocean_post_title_bg_overlay":0.5,"ocean_post_title_bg_overlay_color":"","ocean_disable_breadcrumbs":"default","ocean_breadcrumbs_color":"","ocean_breadcrumbs_separator_color":"","ocean_breadcrumbs_links_color":"","ocean_breadcrumbs_links_hover_color":"","ocean_display_footer_widgets":"default","ocean_display_footer_bottom":"default","ocean_custom_footer_template":"","footnotes":""},"class_list":["post-586","page","type-page","status-publish","hentry","entry"],"_links":{"self":[{"href":"https:\/\/calada.fr\/index.php\/wp-json\/wp\/v2\/pages\/586","targetHints":{"allow":["GET"]}}],"collection":[{"href":"https:\/\/calada.fr\/index.php\/wp-json\/wp\/v2\/pages"}],"about":[{"href":"https:\/\/calada.fr\/index.php\/wp-json\/wp\/v2\/types\/page"}],"author":[{"embeddable":true,"href":"https:\/\/calada.fr\/index.php\/wp-json\/wp\/v2\/users\/1"}],"replies":[{"embeddable":true,"href":"https:\/\/calada.fr\/index.php\/wp-json\/wp\/v2\/comments?post=586"}],"version-history":[{"count":78,"href":"https:\/\/calada.fr\/index.php\/wp-json\/wp\/v2\/pages\/586\/revisions"}],"predecessor-version":[{"id":1572,"href":"https:\/\/calada.fr\/index.php\/wp-json\/wp\/v2\/pages\/586\/revisions\/1572"}],"wp:attachment":[{"href":"https:\/\/calada.fr\/index.php\/wp-json\/wp\/v2\/media?parent=586"}],"curies":[{"name":"wp","href":"https:\/\/api.w.org\/{rel}","templated":true}]}}